{"id":2812,"date":"2017-11-01T19:09:02","date_gmt":"2017-11-01T18:09:02","guid":{"rendered":"http:\/\/www.radiocampusculturae.org\/?page_id=2812"},"modified":"2017-11-05T17:36:22","modified_gmt":"2017-11-05T16:36:22","slug":"os-outros-feirantes","status":"publish","type":"page","link":"http:\/\/www.radiocampusculturae.org\/es\/os-outros-feirantes\/","title":{"rendered":"Os Outros Feirantes"},"content":{"rendered":"<p style=\"text-align: justify;\"><a href=\"http:\/\/www.radiocampusculturae.org\/wp-content\/uploads\/2017\/11\/OS-OUTROS-FEIRANTES-LOGO.png\"><img loading=\"lazy\" decoding=\"async\" class=\"alignleft wp-image-2813 size-thumbnail\" src=\"http:\/\/www.radiocampusculturae.org\/wp-content\/uploads\/2017\/11\/OS-OUTROS-FEIRANTES-LOGO-150x150.png\" alt=\"Os Outros Feirantes\" width=\"150\" height=\"150\" srcset=\"http:\/\/www.radiocampusculturae.org\/wp-content\/uploads\/2017\/11\/OS-OUTROS-FEIRANTES-LOGO-150x150.png 150w, http:\/\/www.radiocampusculturae.org\/wp-content\/uploads\/2017\/11\/OS-OUTROS-FEIRANTES-LOGO-300x300.png 300w, http:\/\/www.radiocampusculturae.org\/wp-content\/uploads\/2017\/11\/OS-OUTROS-FEIRANTES-LOGO-400x400.png 400w, http:\/\/www.radiocampusculturae.org\/wp-content\/uploads\/2017\/11\/OS-OUTROS-FEIRANTES-LOGO.png 500w\" sizes=\"auto, (max-width: 150px) 100vw, 150px\" \/><\/a>Infoshow que busca ofrecer en cada programa, de manera amena, las cosas de inter\u00e9s de un municipio de Galicia. Es decir, cada programa est\u00e1 dedicado a un municipio y tratar\u00e1 de ir contando en diferentes secciones su geograf\u00eda, gastronom\u00eda, recursos naturales y arquitect\u00f3nicos de ese rinc\u00f3n de Galicia, con el ritmo desenfadado de un d\u00eda de fiesta. Por lo tanto, toda la temporada ser\u00e1 un viaje constante por Galicia y sus costumbres m\u00e1s tradicionales.<\/p>\n<p><strong>Equipo:<\/strong> Gonzalo Louzao y Antonio Felpeto<br \/>\n<iframe loading=\"lazy\" src=\"http:\/\/www.ivoox.com\/player_es_podcast_472443_1.html\" width=\"100%\" style=\"border: 1px solid #D7D7D7;\" height=\"440\" frameborder=\"0\" allowfullscreen=\"0\" scrolling=\"no\" ><\/iframe><\/p>\n","protected":false},"excerpt":{"rendered":"<p>Infoshow que busca ofrecer en cada programa, de manera amena, las cosas de inter\u00e9s de&#8230;<\/p>\n","protected":false},"author":1,"featured_media":0,"parent":0,"menu_order":0,"comment_status":"closed","ping_status":"closed","template":"","meta":{"footnotes":""},"class_list":["post-2812","page","type-page","status-publish","hentry"],"translation":{"provider":"WPGlobus","version":"3.0.2","language":"es","enabled_languages":["gl","es"],"languages":{"gl":{"title":true,"content":true,"excerpt":false},"es":{"title":true,"content":true,"excerpt":false}}},"_links":{"self":[{"href":"http:\/\/www.radiocampusculturae.org\/es\/wp-json\/wp\/v2\/pages\/2812","targetHints":{"allow":["GET"]}}],"collection":[{"href":"http:\/\/www.radiocampusculturae.org\/es\/wp-json\/wp\/v2\/pages"}],"about":[{"href":"http:\/\/www.radiocampusculturae.org\/es\/wp-json\/wp\/v2\/types\/page"}],"author":[{"embeddable":true,"href":"http:\/\/www.radiocampusculturae.org\/es\/wp-json\/wp\/v2\/users\/1"}],"replies":[{"embeddable":true,"href":"http:\/\/www.radiocampusculturae.org\/es\/wp-json\/wp\/v2\/comments?post=2812"}],"version-history":[{"count":3,"href":"http:\/\/www.radiocampusculturae.org\/es\/wp-json\/wp\/v2\/pages\/2812\/revisions"}],"predecessor-version":[{"id":2839,"href":"http:\/\/www.radiocampusculturae.org\/es\/wp-json\/wp\/v2\/pages\/2812\/revisions\/2839"}],"wp:attachment":[{"href":"http:\/\/www.radiocampusculturae.org\/es\/wp-json\/wp\/v2\/media?parent=2812"}],"curies":[{"name":"wp","href":"https:\/\/api.w.org\/{rel}","templated":true}]}}