{"id":3789,"date":"2018-05-21T12:19:37","date_gmt":"2018-05-21T10:19:37","guid":{"rendered":"http:\/\/www.radiocampusculturae.org\/?page_id=3789"},"modified":"2019-01-23T02:26:09","modified_gmt":"2019-01-23T00:26:09","slug":"pementa-preta","status":"publish","type":"page","link":"http:\/\/www.radiocampusculturae.org\/es\/pementa-preta\/","title":{"rendered":"Pementa Preta"},"content":{"rendered":"<p style=\"text-align: justify;\"><a href=\"http:\/\/www.radiocampusculturae.org\/wp-content\/uploads\/2018\/05\/Logo_PementaPreta.jpg\"><img loading=\"lazy\" decoding=\"async\" class=\"alignleft wp-image-3805 size-thumbnail\" src=\"http:\/\/www.radiocampusculturae.org\/wp-content\/uploads\/2018\/05\/Logo_PementaPreta-150x150.jpg\" alt=\"Pementa Preta\" width=\"150\" height=\"150\" srcset=\"http:\/\/www.radiocampusculturae.org\/wp-content\/uploads\/2018\/05\/Logo_PementaPreta-150x150.jpg 150w, http:\/\/www.radiocampusculturae.org\/wp-content\/uploads\/2018\/05\/Logo_PementaPreta-300x300.jpg 300w, http:\/\/www.radiocampusculturae.org\/wp-content\/uploads\/2018\/05\/Logo_PementaPreta-550x550.jpg 550w, http:\/\/www.radiocampusculturae.org\/wp-content\/uploads\/2018\/05\/Logo_PementaPreta-400x400.jpg 400w, http:\/\/www.radiocampusculturae.org\/wp-content\/uploads\/2018\/05\/Logo_PementaPreta.jpg 600w\" sizes=\"auto, (max-width: 150px) 100vw, 150px\" \/><\/a>Programa en el que hacemos girar, sobre todo, m\u00fasica negra, soul, funk, funky, disco, jazz&#8230; con alguna que otra entrevista y secciones de recomendaci\u00f3n de discos, libros sobre m\u00fasica y agenda cultural.<\/p>\n<p style=\"text-align: justify;\"><strong>Equipo:\u00a0<\/strong>Abelvision<\/p>\n<p><iframe loading=\"lazy\" style=\"border: 1px solid #D7D7D7;\" src=\"https:\/\/www.ivoox.com\/player_es_podcast_578301_1.html\" width=\"100%\" height=\"440\" frameborder=\"0\" scrolling=\"no\" allowfullscreen=\"allowfullscreen\"><\/iframe><\/p>\n","protected":false},"excerpt":{"rendered":"<p>Programa en el que hacemos girar, sobre todo, m\u00fasica negra, soul, funk, funky, disco, jazz&#8230;&#8230;<\/p>\n","protected":false},"author":1,"featured_media":3805,"parent":0,"menu_order":0,"comment_status":"closed","ping_status":"closed","template":"","meta":{"footnotes":""},"class_list":["post-3789","page","type-page","status-publish","has-post-thumbnail","hentry"],"translation":{"provider":"WPGlobus","version":"3.0.2","language":"es","enabled_languages":["gl","es"],"languages":{"gl":{"title":true,"content":true,"excerpt":false},"es":{"title":true,"content":true,"excerpt":false}}},"_links":{"self":[{"href":"http:\/\/www.radiocampusculturae.org\/es\/wp-json\/wp\/v2\/pages\/3789","targetHints":{"allow":["GET"]}}],"collection":[{"href":"http:\/\/www.radiocampusculturae.org\/es\/wp-json\/wp\/v2\/pages"}],"about":[{"href":"http:\/\/www.radiocampusculturae.org\/es\/wp-json\/wp\/v2\/types\/page"}],"author":[{"embeddable":true,"href":"http:\/\/www.radiocampusculturae.org\/es\/wp-json\/wp\/v2\/users\/1"}],"replies":[{"embeddable":true,"href":"http:\/\/www.radiocampusculturae.org\/es\/wp-json\/wp\/v2\/comments?post=3789"}],"version-history":[{"count":6,"href":"http:\/\/www.radiocampusculturae.org\/es\/wp-json\/wp\/v2\/pages\/3789\/revisions"}],"predecessor-version":[{"id":3804,"href":"http:\/\/www.radiocampusculturae.org\/es\/wp-json\/wp\/v2\/pages\/3789\/revisions\/3804"}],"wp:featuredmedia":[{"embeddable":true,"href":"http:\/\/www.radiocampusculturae.org\/es\/wp-json\/wp\/v2\/media\/3805"}],"wp:attachment":[{"href":"http:\/\/www.radiocampusculturae.org\/es\/wp-json\/wp\/v2\/media?parent=3789"}],"curies":[{"name":"wp","href":"https:\/\/api.w.org\/{rel}","templated":true}]}}