{"id":1327,"date":"2016-01-10T16:18:52","date_gmt":"2016-01-10T14:18:52","guid":{"rendered":"http:\/\/www.radiocampusculturae.org\/?page_id=1327"},"modified":"2018-02-11T21:42:01","modified_gmt":"2018-02-11T20:42:01","slug":"estatutos-de-radio-campusculturae","status":"publish","type":"page","link":"https:\/\/www.radiocampusculturae.org\/es\/estatutos-de-radio-campusculturae\/","title":{"rendered":"Estatutos de Radio campUSCulturae (en gallego)"},"content":{"rendered":"<p style=\"text-align: center;\">ESTATUTOS<br \/>\n<strong>ASOCIACI\u00d3N UNIVERSITARIA CULTURAL RADIO CAMPUSCULTURAE<\/strong><\/p>\n<p style=\"text-align: center;\">CAP\u00cdTULO I<br \/>\n<strong>DA ASOCIACI\u00d3N EN XERAL<\/strong><\/p>\n<p style=\"text-align: justify;\"><strong>Artigo 1\u00b0.<\/strong><br \/>\nConstit\u00faese unha asociaci\u00f3n sen \u00e1nimo de lucro das previstas na Lei org\u00e1nica 1\/2002, do 22 de marzo, reguladora do dereito de asociaci\u00f3n. A asociaci\u00f3n ten a seguinte denominaci\u00f3n: \u00abASOCIACI\u00d3N UNIVERSITARIA CULTURAL RADIO CAMPUSCULTURAE\u00bb.<\/p>\n<p style=\"text-align: justify;\">A asociaci\u00f3n rexerase polos ditos estatutos, pola Lei org\u00e1nica 1\/2002, do 22 de marzo e pola demais lexislaci\u00f3n existente en materia de asociaci\u00f3ns que lle sexa aplicable.<\/p>\n<p style=\"text-align: justify;\"><strong>Artigo 2\u00ba.<\/strong><br \/>\nO domicilio principal e permanente da asociaci\u00f3n radicar\u00e1 no local V4 da Facultade de Ciencias da Comunicaci\u00f3n, sita na Avenida de Castelao, s\/n c.P. 15705 Santiago de Compostela, correo electr\u00f3nico <a href=\"mailto:campusculturaeradio@gmail.com\">campusculturaeradio@gmail.com<\/a><\/p>\n<p style=\"text-align: justify;\"><strong>Artigo 3\u00b0.<\/strong><br \/>\nA asociaci\u00f3n, en funci\u00f3n dos seus fins e do emprazamento do seu domicilio social, exercer\u00e1 fundamentalmente as s\u00faas actividades no \u00e1mbito territorial da Comunidade Aut\u00f3noma de Galicia.<\/p>\n<p style=\"text-align: justify;\"><strong>Artigo 4\u00b0.<\/strong><br \/>\nA asociaci\u00f3n constit\u00faese por tempo indefinido e s\u00f3 se disolver\u00e1, conforme a estes estatutos, pola vontade dos asociados expresada en Asemblea Xeral Extraordinaria ou polas causas previstas na lexislaci\u00f3n vixente.<\/p>\n<p style=\"text-align: justify;\">A asociaci\u00f3n rexerase segundo os principios democr\u00e1ticos contidos no marco da Constituci\u00f3n e o resto do ordenamento xur\u00eddico.<\/p>\n<p style=\"text-align: justify;\"><strong>Artigo 5\u00b0.<\/strong><br \/>\nSon fins principais da asociaci\u00f3n:<\/p>\n<ul style=\"text-align: justify;\">\n<li style=\"text-align: justify;\">Divulgar e dar a co\u00f1ecer a creaci\u00f3n de contidos informativos, culturais, recreativos e divulgativos en formato radiof\u00f3nico e multimedia.<\/li>\n<li style=\"text-align: justify;\">Dar cabida a formas de expresi\u00f3n informativa e comunicativa na que poidan participar aquelas persoas ou colectivos vencellados \u00e1 Asociaci\u00f3n.<\/li>\n<li style=\"text-align: justify;\">Promover a radio, en formato multimedia, como medio e canle para a democracia, a participaci\u00f3n, o pluralismo e o respecto e promoci\u00f3n da diversidade.<\/li>\n<li style=\"text-align: justify;\">Investigar sobre novas formas e formatos no \u00e1mbito da creaci\u00f3n e da comunicaci\u00f3n.<\/li>\n<li style=\"text-align: justify;\">Potenciar a comunicaci\u00f3n e a informaci\u00f3n relativa \u00e1 vida universitaria.<\/li>\n<li>Recoller, manter e, na medida do posible, preservar o esp\u00edrito do proxecto campUSCulturae, cando menos no que atinxe aos contidos radiof\u00f3nicos e facerse cargo do espazo e material a tal fin dotado polo proxecto para a realizaci\u00f3n de contidos radiof\u00f3nicos.<\/li>\n<\/ul>\n<p style=\"text-align: justify;\">Para levar a cabo os seus fins, poder\u00e1 a asociaci\u00f3n organiza-las seguintes actividades:<\/p>\n<ul style=\"text-align: justify;\">\n<li>A produci\u00f3n, realizaci\u00f3n e difusi\u00f3n de contidos radiof\u00f3nicos.<\/li>\n<li>A organizaci\u00f3n de actividades formativas, divulgativas e de promoci\u00f3n relacionadas coa radio e a Universidade.<\/li>\n<li>A realizaci\u00f3n, produci\u00f3n e difusi\u00f3n de material multimedia sobre os contidos relacionados cos fins da Asociaci\u00f3n.<\/li>\n<li>O mantemento dunha programaci\u00f3n radiof\u00f3nica e multimedia con vocaci\u00f3n de continuidade e sen \u00e1nimo de lucro.<\/li>\n<\/ul>\n<p style=\"text-align: justify;\">Os beneficios que se obte\u00f1an por calquera concepto destinaranse exclusivamente \u00f3 cumprimento destes fins, sen que se poidan repartir entre os asociados nin outras persoas fisicas ou xur\u00eddicas con interese lucrativo.<\/p>\n<p style=\"text-align: center;\">CAP\u00cdTULO II<br \/>\n<strong>DOS ASOCIADOS<\/strong><\/p>\n<p style=\"text-align: justify;\"><strong>Artigo 6\u00b0.<\/strong><br \/>\nPoder\u00e1n ser integrantes da asociaci\u00f3n todas aquelas persoas f\u00edsicas ou xur\u00eddicas, con plena capacidade de obrar ou tralo acordo do \u00f3rgano competente da persoa xur\u00eddica, que re\u00fanan os seguintes requisitos:<\/p>\n<ul style=\"text-align: justify;\">\n<li style=\"text-align: justify;\">Estar en plenas facultades psicol\u00f3xicas.<\/li>\n<li style=\"text-align: justify;\">Non ter d\u00e9bedas coa administraci\u00f3n.<\/li>\n<li style=\"text-align: justify;\">Estar en consonancia cos fins desta entidade.<\/li>\n<\/ul>\n<p style=\"text-align: justify;\">Poder\u00e1n ser integrantes da asociaci\u00f3n na s\u00faa secci\u00f3n xuvenil, os membros que te\u00f1an capacidade de obrar e cuxas idades sexan entre os 14 anos cumpridos e 30 anos sen cumprir.<\/p>\n<p style=\"text-align: justify;\">Esta Secci\u00f3n Xuvenil ter\u00e1 autonom\u00eda funcional e organizaci\u00f3n propia para os asuntos especificamente xuven\u00eds.<\/p>\n<p style=\"text-align: justify;\">Os acordos de admisi\u00f3n de asociados e asociadas tomaraos a Xunta Directiva, unha vez recibida a petici\u00f3n por escrito da persoa que desexa ser admitida.<\/p>\n<p style=\"text-align: justify;\">Os menores de idade, non emancipados, deber\u00e1n acreditar documentalmente o consentimento das persoas que deban supli-la s\u00faa capacidade.<\/p>\n<p style=\"text-align: justify;\"><strong>Artigo 7\u00b0.<\/strong><br \/>\nDentro da asociaci\u00f3n poder\u00e1n existi-las seguintes clases de asociados:<\/p>\n<ul style=\"text-align: justify;\">\n<li style=\"text-align: justify;\">Fundadores, aquelas persoas que subscribiron a acta fundacional.<\/li>\n<li style=\"text-align: justify;\">Numerarios, aquelas persoas que ingresaron con posterioridade \u00e1 subscrici\u00f3n da acta fundacional.<\/li>\n<li style=\"text-align: justify;\">Honorarios, aquelas persoas que, a xu\u00edzo da Asemblea Xeral, axuden de xeito notable ao desenvolvemento dos fins da asociaci\u00f3n.<\/li>\n<li style=\"text-align: justify;\">Xuven\u00eds, aquel as persoas menores de 30 anos que participen na asociaci\u00f3n, que estar\u00e1n integradas na secci\u00f3n xuvenil, no seu caso.<\/li>\n<\/ul>\n<p style=\"text-align: justify;\"><strong>Artigo 8\u00b0.<\/strong><br \/>\nA condici\u00f3n de asociado p\u00e9rdese:<\/p>\n<ul style=\"text-align: justify;\">\n<li style=\"text-align: justify;\">Por vontade propia.<\/li>\n<li style=\"text-align: justify;\">Por retraso no pago das cotas de socio m\u00e1is al\u00e1 de dous meses.<\/li>\n<li style=\"text-align: justify;\">Por incumprimento das s\u00faas obrigas ou a realizaci\u00f3n de acci\u00f3ns que prexudiquen gravemente \u00f3s intereses da Asociaci\u00f3n, previo expediente disciplinario, con audiencia do interesado.<\/li>\n<li style=\"text-align: justify;\">Por falecemento da persoa f\u00edsica ou extinci\u00f3n da persoa xur\u00eddica.<\/li>\n<\/ul>\n<p style=\"text-align: justify;\">A expulsi\u00f3n de asociados e asociadas nos supostos dos apartados b) e c) do par\u00e1grafo anterior, ser\u00e1 acordada pola Xunta Directiva, logo da audiencia do interesado. O acordo de expulsi\u00f3n deber\u00e1 ser ratificado pola Asemblea Xeral Extraordinaria e contra a s\u00faa resoluci\u00f3n poderase recorrer ante a xurisdici\u00f3n ordinaria.<\/p>\n<p style=\"text-align: justify;\"><strong>Artigo 9\u00b0.<\/strong><br \/>\nOs asociados e asociadas te\u00f1en os seguintes dereitos:<\/p>\n<ul style=\"text-align: justify;\">\n<li style=\"text-align: justify;\">Participar nas actividades da asociaci\u00f3n e nos \u00f3rganos de goberno e representaci\u00f3n, exerce-lo dereito de voto, as\u00ed como asistir \u00e1 Asemblea xeral, de acordo cos estatutos.<\/li>\n<li style=\"text-align: justify;\">Ser informado da composici\u00f3n dos \u00f3rganos de goberno e representaci\u00f3n da asociaci\u00f3n, do seu estado de contas e do desenvolvemento da s\u00faa actividade.<\/li>\n<li style=\"text-align: justify;\">Ser o\u00eddo con car\u00e1cter previo \u00e1 adopci\u00f3n de medidas disciplinarias contra el e ser informado dos feitos que dean lugar \u00e1s ditas medidas, debendo motivarse o acordo que, no seu caso, impo\u00f1a a sanci\u00f3n.<\/li>\n<li style=\"text-align: justify;\">Impugna-los acordos dos \u00f3rganos da asociaci\u00f3n que estime contrarios \u00e1 lei ou \u00f3s estatutos.<\/li>\n<\/ul>\n<p style=\"text-align: justify;\">Os asociados e asociadas honorarios e os menores de idade non intervir\u00e1n na direcci\u00f3n da asociaci\u00f3n nin nos \u00f3rganos de representaci\u00f3n dela. Os asociados e asociadas honorarios e os menores de idade est\u00e1n facultados para asistir \u00e1s asembleas xerais con voz, pero sen voto. Do mesmo xeito, o pagamento de cotas, no caso dos asociados\/as honorarios\/as, ser\u00e1 voluntaria.<\/p>\n<p style=\"text-align: justify;\"><strong>Artigo 10\u00b0.<\/strong><br \/>\nSon obrigas dos asociados e asociadas:<\/p>\n<ul style=\"text-align: justify;\">\n<li style=\"text-align: justify;\">Comparti-las finalidades da asociaci\u00f3n e colaborar para a s\u00faa consecuci\u00f3n.<\/li>\n<li style=\"text-align: justify;\">Paga-las cotas que se establezan.<\/li>\n<li style=\"text-align: justify;\">Desempe\u00f1a-los cargos para os que foron elixidos.<\/li>\n<li style=\"text-align: justify;\">Acatar e cumpri-los acordos validamente adoptados polos \u00f3rganos de goberno e representaci\u00f3n da asociaci\u00f3n.<\/li>\n<li style=\"text-align: justify;\">Acata-lo contido dos estatutos.<\/li>\n<li style=\"text-align: justify;\">Ter unha boa conduta individual e c\u00edvica.<\/li>\n<\/ul>\n<p style=\"text-align: center;\">CAP\u00cdTULO III<br \/>\n<strong>DOS \u00d3RGANOS DA ASOCIACI\u00d3N<\/strong><\/p>\n<p style=\"text-align: justify;\"><strong>Artigo 11\u00ba.<\/strong><br \/>\nA direcci\u00f3n e administraci\u00f3n da asociaci\u00f3n ser\u00e1n exercidas polo presidente, a Xunta Directiva e a Asemblea Xeral.<\/p>\n<p style=\"text-align: justify;\"><strong>Artigo 12\u00ba.<\/strong><br \/>\nO presidente da asociaci\u00f3n ser\u00e1 designado pola Asemblea Xeral entre os asociados e o seu mandato durar\u00e1 dous anos. Ser\u00e1 asistido nas s\u00faas funci\u00f3ns por un vicepresidente, que o substituir\u00e1 nos casos de vacante, ausencia ou enfermidade.<\/p>\n<p style=\"text-align: justify;\">O presidente ter\u00e1 as seguintes atribuci\u00f3ns:<\/p>\n<ul style=\"text-align: justify;\">\n<li style=\"text-align: justify;\">Representa-la asociaci\u00f3n perante calquera organismo p\u00fablico ou privado.<\/li>\n<li style=\"text-align: justify;\">Convocar e presidi-las sesi\u00f3ns que celebre a Xunta Directiva; presidi-las sesi\u00f3ns da Asemblea Xeral; dirixi-las deliberaci\u00f3ns dunha e outra, e decidir con voto de calidade, no caso de empate.<\/li>\n<li style=\"text-align: justify;\">Executa-los acordos adoptados pola Xunta Directiva e a Asemblea Xeral.<\/li>\n<li style=\"text-align: justify;\">Ordena-los pagamentos acordados validamente.<\/li>\n<li style=\"text-align: justify;\">Asina-las actas, certificados, pagamentos e outros documentos da asociaci\u00f3n xunto co secretario ou membro da Xunta Directiva a quen lle corresponda a elaboraci\u00f3n do documento de que se trate.<\/li>\n<\/ul>\n<p style=\"text-align: justify;\"><strong>Artigo 13\u00b0.<\/strong><br \/>\nA Xunta Directiva estar\u00e1 formada polo presidente da asociaci\u00f3n, un vicepresidente, un secretario, un tesoureiro e vocais.<\/p>\n<p style=\"text-align: justify;\">Os cargos que compo\u00f1en a Xunta Directiva ser\u00e1n desempe\u00f1ados de forma gratu\u00edta, sen prexu\u00edzo do dereito a ser reembolsados dos gastos debidamente xustificados en que poidan incorrer por actuaci\u00f3ns relacionadas coa asociaci\u00f3n.<\/p>\n<p style=\"text-align: justify;\">As persoas elixidas para estes cargos deber\u00e1n carecer de interese econ\u00f3mico nos resultados da actividade levada a cabo pola asociaci\u00f3n.<\/p>\n<p style=\"text-align: justify;\">A Asemblea Xeral ser\u00e1 a competente para elixi-los cargos da Xunta Directiva. A s\u00faa duraci\u00f3n ser\u00e1 por un per\u00edodo de dous anos, a\u00ednda que poden ser obxecto de reelecci\u00f3n indefinidamente.<\/p>\n<p style=\"text-align: justify;\">Os cargos cesar\u00e1n na s\u00faa funci\u00f3n por:<\/p>\n<ul style=\"text-align: justify;\">\n<li style=\"text-align: justify;\">Facelemento da persoa f\u00edsica ou extinci\u00f3n da persoa xur\u00eddica.<\/li>\n<li style=\"text-align: justify;\">Renuncia voluntaria.<\/li>\n<li style=\"text-align: justify;\">Transcurso do prazo para o que foron elixidos.<\/li>\n<li style=\"text-align: justify;\">Acordo de cesamento de toda a Xunta Directiva adoptado por 2\/3 dos asociados reunidos en Asemblea Xeral Extraordinaria convocada para tal efecto.<\/li>\n<\/ul>\n<p style=\"text-align: justify;\">A renuncia e o transcurso do prazo non dan lugar \u00f3 cesamento autom\u00e1tico, sen\u00f3n que se deber\u00e1 facer un efectivo traspaso de poderes con entrega de documentaci\u00f3n e posta \u00f3 d\u00eda do sucesor.<\/p>\n<p style=\"text-align: justify;\">As vacantes que se puideran producir durante o mandato de calquera dos membros da Xunta Directiva, ser\u00e1n cubertas provisoriamente entre os ditos membros ata a elecci\u00f3n definitiva pola Asemblea Xeral. En calquera caso, a Xunta Directiva debe estar integrada como m\u00ednimo por 3 persoas, que exercer\u00e1n as funci\u00f3ns de presidente, secretario e tesoureiro.<\/p>\n<p style=\"text-align: justify;\"><strong>Artigo 14\u00ba.<\/strong><br \/>\nA Xunta Directiva ter\u00e1 as seguintes atribuci\u00f3ns:<\/p>\n<ul style=\"text-align: justify;\">\n<li style=\"text-align: justify;\">Programar e dirixi-las actividades asociativas.<\/li>\n<li style=\"text-align: justify;\">Leva-la xesti\u00f3n administrativa e econ\u00f3mica da asociaci\u00f3n.<\/li>\n<li style=\"text-align: justify;\">Someter \u00e1 aprobaci\u00f3n da Asemblea Xeral o orzamento anual de ingresos e gastos, as\u00ed como o estado de contas do ano anterior.<\/li>\n<li style=\"text-align: justify;\">Convocar e fixa-la data da Asemblea Xeral.<\/li>\n<li style=\"text-align: justify;\">Propo\u00f1erlle \u00e1 Asemblea Xeral a fixaci\u00f3n de cotas ordinarias e extraordinarias para os asociados.<\/li>\n<li style=\"text-align: justify;\">Designa-las comisi\u00f3ns de traballo ou secci\u00f3ns que se estimen oportunas para o bo funcionamento da asociaci\u00f3n.<\/li>\n<li style=\"text-align: justify;\">Ditar normas interiores de organizaci\u00f3n e exercer cantas funci\u00f3ns non estean expresamente asignadas \u00e1 Asemblea Xeral.<\/li>\n<li style=\"text-align: justify;\">Resolver sobre as solicitudes de ingreso de novos asociados.<\/li>\n<li style=\"text-align: justify;\">Propo\u00f1e-lo plan de actividades da asociaci\u00f3n \u00e1 Asemblea Xeral para a s\u00faa aprobaci\u00f3n, impulsando e dirixindo as s\u00faas tarefas.<\/li>\n<li style=\"text-align: justify;\">Resolve-los procedementos disciplinarios que se instr\u00faan.<\/li>\n<li style=\"text-align: justify;\">Aquelas que non ve\u00f1an atribu\u00eddas expresamente \u00e1 outro \u00f3rgano da asociaci\u00f3n.<\/li>\n<\/ul>\n<p style=\"text-align: justify;\"><strong>Artigo 15\u00b0.<\/strong><br \/>\nA Xunta Directiva ser\u00e1 convocada polo presidente, a iniciativa propia ou a petici\u00f3n de calquera dos seus compo\u00f1entes.<\/p>\n<p style=\"text-align: justify;\">Para que os acordos da Xunta Directiva sexan v\u00e1lidos, deber\u00e1n ser adoptados pola maior\u00eda de votos dos asistentes, sendo necesaria a concorrencia, polo menos, da metade m\u00e1is un dos seus membros e, en todo caso, do presidente ou vicepresidente e o secretario ou persoa que o substit\u00faa.<\/p>\n<p style=\"text-align: justify;\">O secretario ou, no seu defecto, o vocal que o substit\u00faa, levantar\u00e1 acta das sesi\u00f3ns, que se transcribir\u00e1 \u00f3 libro de actas.<\/p>\n<p style=\"text-align: justify;\"><strong>Artigo 16\u00b0.<\/strong><br \/>\nOs membros da Xunta Directiva presidir\u00e1n as comisi\u00f3ns que a propia Xunta acorde constitu\u00edr, co fin de delegar nelas a preparaci\u00f3n de determinados actos ou actividades, ou de acadar delas as informaci\u00f3ns necesarias. Formar\u00e1n parte das ditas comisi\u00f3ns o n\u00famero de asociados que acorde a Xunta Directiva, a proposta dos seus respectivos presidentes.<\/p>\n<p style=\"text-align: justify;\"><strong>Artigo 17\u00b0.<\/strong><br \/>\nA Asemblea Xeral de asociados e asociadas \u00e9 o \u00f3rgano de expresi\u00f3n da vontade da asociaci\u00f3n e estar\u00e1 formada por t\u00f3dolos integrantes desta. O presidente e o secretario da asemblea ser\u00e1n o presidente e o secretario da Xunta Directiva.<\/p>\n<p style=\"text-align: justify;\"><strong>Artigo 18\u00b0.<\/strong><br \/>\nA Asemblea Xeral reunirase con car\u00e1cter ordinario como m\u00ednimo unha vez \u00f3 ano, e con car\u00e1cter extraordinario cantas veces o acorde a Xunta Directiva, ou o soliciten o 10% dos socios. Neste \u00faltimo caso realizarase por medio de escrito dirixido \u00f3 presidente, autorizado coas sinaturas dos solicitantes, no que se expo\u00f1a o motivo da convocatoria e a orde do d\u00eda.<\/p>\n<p style=\"text-align: justify;\"><strong>Artigo 19\u00b0.<\/strong><br \/>\nA Asemblea Xeral Ordinaria reunirase necesariamente no per\u00edodo que vai desde o mes de setembro ata o de maio. Tanto a Asemblea Ordinaria como a Extraordinaria ser\u00e1n convocadas con 15 d\u00edas de antelaci\u00f3n polo\/a presidente\/a da Xunta Directiva.<\/p>\n<p style=\"text-align: justify;\">A notificaci\u00f3n farase nos locais da asociaci\u00f3n para as asembleas ordinarias e no domicilio dos asociados para as asembleas extraordinarias.<\/p>\n<p style=\"text-align: justify;\"><strong>Artigo 20\u00b0.<\/strong><br \/>\nSer\u00e1n competencias da Asemblea Xeral Ordinaria:<\/p>\n<ul style=\"text-align: justify;\">\n<li style=\"text-align: justify;\">Aproba-lo plan de actividades.<\/li>\n<li style=\"text-align: justify;\">Examinar e aproba-las contas e balances do exercicio anterior.<\/li>\n<li style=\"text-align: justify;\">Aproba-los presupostos de ingresos e gastos para cada exercicio.<\/li>\n<li style=\"text-align: justify;\">Exame e aprobaci\u00f3n das cotas.<\/li>\n<\/ul>\n<p style=\"text-align: justify;\"><strong>Artigo 21\u00b0.<\/strong><br \/>\nSer\u00e1n competencias da Asemblea Xeral Extraordinaria:<\/p>\n<ul style=\"text-align: justify;\">\n<li style=\"text-align: justify;\">Modifica-los estatutos da asociaci\u00f3n.<\/li>\n<li style=\"text-align: justify;\">Elixir e cesa-los integrantes da Xunta Directiva.<\/li>\n<li style=\"text-align: justify;\">Aproba-la federaci\u00f3n con outras asociaci\u00f3ns.<\/li>\n<li style=\"text-align: justify;\">Autoriza-lo alleamento, gravame ou hipoteca de bens sociais.<\/li>\n<li style=\"text-align: justify;\">Acorda-la disoluci\u00f3n da asociaci\u00f3n.<\/li>\n<li style=\"text-align: justify;\">Designa-los\/as liquidadores\/as.<\/li>\n<li style=\"text-align: justify;\">Ratifica-la expulsi\u00f3n de asociados e asociadas a proposta da Xunta Directiva.<\/li>\n<li style=\"text-align: justify;\">Solicita-la declaraci\u00f3n de utilidade p\u00fablica da asociaci\u00f3n.<\/li>\n<li style=\"text-align: justify;\">Aproba-lo regulamento de r\u00e9xime interno da asociaci\u00f3n.<\/li>\n<li style=\"text-align: justify;\">As que sendo de competencia da asemblea ordinaria, por raz\u00f3ns de urxencia ou necesidade, non poidan agarda-la s\u00faa convocatoria, sen grave prexu\u00edzo para a asociaci\u00f3n.<\/li>\n<li style=\"text-align: justify;\">T\u00f3dalas non conferidas expresamente \u00e1 Asemblea Xeral Ordinaria ou a Xunta Directiva.<\/li>\n<\/ul>\n<p style=\"text-align: justify;\"><strong>Artigo 22\u00b0.<\/strong><br \/>\nA Asemblea Xeral quedar\u00e1 validamente constitu\u00edda sempre que concorran a metade m\u00e1is un dos asociados na primeira convocatoria ou transcorrida media hora en segunda convocatoria, con calquera n\u00famero de asistentes, pero, en todo caso, coa presenza do presidente ou vicepresidente e o secretario ou persoa que o substit\u00faa.<\/p>\n<p style=\"text-align: justify;\"><strong>Artigo 23\u00b0.<\/strong><br \/>\nOs acordos adoptados deber\u00e1n selo polo voto afirmativo da maior\u00eda simple dos asistentes ou representados, excepto os relativos \u00f3s apartados do 1 \u00f3 7 do artigo 21\u00b0, que requirir\u00e1n maior\u00eda de dous terzos. A continuaci\u00f3n levaranse os acordos \u00f3 libro de actas e asinarano o\/a presidente\/a e o\/a secretario\/a da Asemblea. A acta deber\u00e1 ser lida na seguinte sesi\u00f3n celebrada pola Asemblea Xeral e aprobada pola maior\u00eda dos membros presentes.<\/p>\n<p style=\"text-align: justify;\"><strong>Artigo 24\u00b0.<\/strong><br \/>\nOs acordos adoptados conforme \u00f3s preceptos anteriores obrigar\u00e1n a t\u00f3dolos\/as asociados\/as, incluso \u00f3s\/\u00e1s non asistentes.<\/p>\n<p style=\"text-align: justify;\">As sesi\u00f3ns abriranse cando as\u00ed o determine o presidente. Seguidamente procederase por parte do secretario \u00e1 lectura da acta da asemblea anterior que deber\u00e1 ser aprobada.<\/p>\n<p style=\"text-align: justify;\">Posteriormente, o secretario proceder\u00e1 a presenta-la orde do d\u00eda. Cada punto ser\u00e1 informado polo membro da Xunta Directiva que lle corresponda, proced\u00e9ndose \u00f3 debate e a aprobaci\u00f3n dos correspondentes acordos nos termos contidos nestes estatutos, segundo a materia de que se trate.<\/p>\n<p style=\"text-align: justify;\"><strong>Artigo 25\u00b0.<\/strong><br \/>\nOs acordos que vaian contra estes estatutos ou infrinxan os fins da asociaci\u00f3n poder\u00e1n ser recorridos en reposici\u00f3n diante da Asemblea Xeral. A partir da resoluci\u00f3n do recurso de reposici\u00f3n, quedar\u00e1 expedita a v\u00eda para recorrer perante a xurisdici\u00f3n ordinaria.<\/p>\n<p style=\"text-align: justify;\"><strong>Artigo 26\u00b0.<\/strong><br \/>\nO secretario recibir\u00e1 e tramitar\u00e1 as solicitudes de ingreso, levar\u00e1 o ficheiro e o libro de rexistro de asociados e ter\u00e1 \u00f3 seu cargo a direcci\u00f3n dos traballos administrativos da entidade. Corresp\u00f3ndelle, as\u00ed mesmo, notifica-las convocatorias, custodia-las actas e expedir certificaci\u00f3ns destas co visto e prace do presidente. O secretario tam\u00e9n levar\u00e1 o inventario dos bens da asociaci\u00f3n nun libro establecido para este efecto.<\/p>\n<p style=\"text-align: justify;\">Nos casos de ausencia, vacante ou enfermidade do secretario, o presidente designar\u00e1 entre os vocais a un que desenvolva esta funci\u00f3n.<\/p>\n<p style=\"text-align: justify;\"><strong>Artigo 27\u00b0.<\/strong><br \/>\nO tesoureiro recadar\u00e1 e custodiar\u00e1 os fondos pertencentes \u00e1 asociaci\u00f3n, dar\u00e1 cumprimento \u00e1s ordes de pagamento que expida o presidente, levar\u00e1 a contabilidade da asociaci\u00f3n, tomar\u00e1 raz\u00f3n e levar\u00e1 conta dos ingresos e dos gastos asociativos, elaborar\u00e1 o borrador de orzamentos da asociaci\u00f3n as\u00ed corno as contas de resultados e balances.<\/p>\n<p style=\"text-align: justify;\">O tesoureiro ten a obriga de proceder \u00f3 peche do exercicio orzamentario antes do 15 de decembro, co fin de que as contas estean a disposici\u00f3n dos membros da asociaci\u00f3n nos quince d\u00edas anteriores \u00e1 celebraci\u00f3n da asemblea ordinaria.<\/p>\n<p style=\"text-align: justify;\"><strong>Artigo 28\u00b0.<\/strong><br \/>\nOs vocais ter\u00e1n as seguintes atribuci\u00f3ns:<\/p>\n<ul style=\"text-align: justify;\">\n<li style=\"text-align: justify;\">Realizar programas e propostas na s\u00faa \u00e1rea de actuaci\u00f3n.<\/li>\n<li style=\"text-align: justify;\">Desempe\u00f1a-los traballos que lle sexan encomendados pola Xunta Directiva.<\/li>\n<\/ul>\n<p style=\"text-align: center;\">CAP\u00cdTULO IV<br \/>\n<strong>R\u00c9XIME ECON\u00d3MICO<\/strong><\/p>\n<p style=\"text-align: justify;\"><strong>Artigo 29\u00b0.<\/strong><br \/>\nA asociaci\u00f3n no momento de inicia-las s\u00faas actividades disp\u00f3n dun patrimonio de 10 euros. O peche do exercicio econ\u00f3mico coincidir\u00e1 co do ano natural.<\/p>\n<p style=\"text-align: justify;\"><strong>Artigo 30\u00b0.<\/strong><br \/>\nA asociaci\u00f3n funcionar\u00e1 en r\u00e9xime de presuposto anual, con partidas diferenciadas de ingresos e gastos. O borrador de presuposto ser\u00e1 elaborado polo tesoureiro da asociaci\u00f3n, que deber\u00e1 telo preparado antes do un de xaneiro de cada ano, a fin de que poida ser aprobado na Asemblea Xeral Ordinaria.<\/p>\n<p style=\"text-align: justify;\"><strong>Artigo 31\u00b0.<\/strong><br \/>\nA asociaci\u00f3n manterase dos seguintes recursos:<\/p>\n<ul style=\"text-align: justify;\">\n<li style=\"text-align: justify;\">As cotas peri\u00f3dicas dos\/as asociados\/as.<\/li>\n<li style=\"text-align: justify;\">As cotas extraordinarias que propo\u00f1a a Xunta Directiva e sexan aprobadas pola asemblea.<\/li>\n<li style=\"text-align: justify;\">As doaz\u00f3ns ou subvenci\u00f3ns que poidan conceder \u00f3rganos p\u00fablicos, entidades privadas ou particulares.<\/li>\n<li style=\"text-align: justify;\">Os ingresos que se poidan recibir polo desenvolvemento das actividades da asociaci\u00f3n.<\/li>\n<li style=\"text-align: justify;\">Calquera outro ingreso admitido pola normativa vixente para actividades non lucrativas.<\/li>\n<\/ul>\n<p style=\"text-align: justify;\"><strong>Artigo 32\u00b0.<\/strong><br \/>\nA Asemblea Xeral Ordinaria, a proposta da Xunta Directiva, aprobar\u00e1 tanto as cotas ordinarias como as extraordinarias que non ser\u00e1n reintegrables en ning\u00fan caso. O recadado dedicarase a atende-las necesidades da asociaci\u00f3n.<\/p>\n<p style=\"text-align: justify;\"><strong>Artigo 33\u00b0.<\/strong><br \/>\nAnualmente, con referencia \u00f3 ultimo d\u00eda do exercicio econ\u00f3mico de cada ano, elaboraranse as contas, que se formalizar\u00e1n nunha memoria, que ser\u00e1 posta a disposici\u00f3n dos\/as asociados\/as, durante un prazo non inferior a 15 d\u00edas \u00f3 sinalado para a celebraci\u00f3n da Asemblea Xeral Ordinaria, que deber\u00e1 aprobalas ou censuralas.<\/p>\n<p style=\"text-align: justify;\"><strong>Artigo 34\u00b0.<\/strong><br \/>\nPara a disposici\u00f3n de fondos das contas que a asociaci\u00f3n ten nas entidades bancarias ser\u00e1 necesaria a sinatura conxunta do presidente e do tesoureiro.<\/p>\n<p style=\"text-align: justify;\"><strong>Artigo 35\u00b0.<\/strong><br \/>\nComo entidade sen \u00e1nimo de lucro, en ning\u00fan caso poder\u00e1n ser distribu\u00eddos entre os\/as asociados\/as os recursos obtidos pola asociaci\u00f3n.<\/p>\n<p style=\"text-align: center;\">CAP\u00cdTULO V<br \/>\n<strong>DO REGULAMENTO DE R\u00c9XIME INTERNO<\/strong><\/p>\n<p style=\"text-align: justify;\"><strong>Artigo 36\u00b0.<\/strong><br \/>\nO regulamento de r\u00e9xime interno, no seu caso, desenvolver\u00e1 aquelas materias non contempladas directamente nestes estatutos, como o procedemento de elecci\u00f3n dos membros da Xunta Directiva e o procedemento disciplinario, e non pode ir en ning\u00fan caso en contra do estipulado neles. En todo caso, o funcionamento interno da asociaci\u00f3n estar\u00e1 sometido \u00f3 ordenamento xurisdicional civil.<\/p>\n<p style=\"text-align: center;\">CAP\u00cdTULO VI<br \/>\n<strong>MODIFICACI\u00d3N DE ESTATUTOS E DISOLUCI\u00d3N DA ASOCIACI\u00d3N<\/strong><\/p>\n<p style=\"text-align: justify;\"><strong>Artigo 37\u00b0.<\/strong><br \/>\nOs ditos estatutos s\u00f3 poder\u00e1n ser modificados por acordo da Asemblea Xeral Extraordinaria convocada para tal efecto, adoptado polas 2\/3 partes dos asociados. A proposta de convocatoria deber\u00e1 ir acompa\u00f1ada do texto das modificaci\u00f3ns propostas.<\/p>\n<p style=\"text-align: justify;\"><strong>Artigo 38\u00b0.<\/strong><br \/>\nA asociaci\u00f3n disolverase voluntariamente por acordo dos asociados adoptado polas 2\/3 partes dos asistentes \u00e1 Asemblea Xeral Extraordinaria convocada para tal efecto.<\/p>\n<p style=\"text-align: justify;\"><strong>Artigo 39\u00b0.<\/strong><br \/>\nAcordada a disoluci\u00f3n, a Asemblea Xeral Extraordinaria designar\u00e1 tres asociados\/as liquidadores, que xunto o\/a presidente e o\/a tesoureiro\/a, proceder\u00e1n para efectua-la liquidaci\u00f3n dos bens, pagando d\u00e9bedas, cobrando cr\u00e9ditos e fixando o haber l\u00edquido resultante.<\/p>\n<p style=\"text-align: justify;\"><strong>Artigo 40\u00b0.<\/strong><br \/>\nO haber resultante, unha vez efectuada a liquidaci\u00f3n, doarase a outra asociaci\u00f3n non lucrativa e inscrita na comunidade aut\u00f3noma que te\u00f1a iguais ou similares fins que os desta asociaci\u00f3n.<\/p>\n<p style=\"text-align: justify;\">O xustificante da doaz\u00f3n ser\u00e1 presentado no Rexistro de Asociaci\u00f3ns correspondente para proceder \u00e1 inscrici\u00f3n da disoluci\u00f3n da asociaci\u00f3n.<\/p>\n<p style=\"text-align: justify;\">\n","protected":false},"excerpt":{"rendered":"<p>ESTATUTOS ASOCIACI\u00d3N UNIVERSITARIA CULTURAL RADIO CAMPUSCULTURAE CAP\u00cdTULO I DA ASOCIACI\u00d3N EN XERAL Artigo 1\u00b0. Constit\u00faese&#8230;<\/p>\n","protected":false},"author":2,"featured_media":0,"parent":0,"menu_order":0,"comment_status":"closed","ping_status":"closed","template":"","meta":{"footnotes":""},"class_list":["post-1327","page","type-page","status-publish","hentry"],"translation":{"provider":"WPGlobus","version":"3.0.2","language":"es","enabled_languages":["gl","es"],"languages":{"gl":{"title":true,"content":true,"excerpt":false},"es":{"title":true,"content":true,"excerpt":false}}},"_links":{"self":[{"href":"https:\/\/www.radiocampusculturae.org\/es\/wp-json\/wp\/v2\/pages\/1327","targetHints":{"allow":["GET"]}}],"collection":[{"href":"https:\/\/www.radiocampusculturae.org\/es\/wp-json\/wp\/v2\/pages"}],"about":[{"href":"https:\/\/www.radiocampusculturae.org\/es\/wp-json\/wp\/v2\/types\/page"}],"author":[{"embeddable":true,"href":"https:\/\/www.radiocampusculturae.org\/es\/wp-json\/wp\/v2\/users\/2"}],"replies":[{"embeddable":true,"href":"https:\/\/www.radiocampusculturae.org\/es\/wp-json\/wp\/v2\/comments?post=1327"}],"version-history":[{"count":7,"href":"https:\/\/www.radiocampusculturae.org\/es\/wp-json\/wp\/v2\/pages\/1327\/revisions"}],"predecessor-version":[{"id":1330,"href":"https:\/\/www.radiocampusculturae.org\/es\/wp-json\/wp\/v2\/pages\/1327\/revisions\/1330"}],"wp:attachment":[{"href":"https:\/\/www.radiocampusculturae.org\/es\/wp-json\/wp\/v2\/media?parent=1327"}],"curies":[{"name":"wp","href":"https:\/\/api.w.org\/{rel}","templated":true}]}}