{"id":1984,"date":"2017-03-17T18:35:43","date_gmt":"2017-03-17T17:35:43","guid":{"rendered":"http:\/\/www.radiocampusculturae.org\/?page_id=1984"},"modified":"2019-01-23T02:32:54","modified_gmt":"2019-01-23T00:32:54","slug":"sexto-grao","status":"publish","type":"page","link":"https:\/\/www.radiocampusculturae.org\/es\/sexto-grao\/","title":{"rendered":"Sexto Grao"},"content":{"rendered":"<p style=\"text-align: justify;\"><a href=\"http:\/\/www.radiocampusculturae.org\/wp-content\/uploads\/2017\/03\/sextograo.jpg\"><img loading=\"lazy\" decoding=\"async\" class=\"alignleft wp-image-1985 size-thumbnail\" src=\"http:\/\/www.radiocampusculturae.org\/wp-content\/uploads\/2017\/03\/sextograo-150x150.jpg\" alt=\"Logo Sexto Grao\" width=\"150\" height=\"150\" \/><\/a>La teor\u00eda de los seis grados de separaci\u00f3n dice que dos personas cualquiera del mundo est\u00e1n ligadas entre si por seis lazos de amistad. En cada programa hablaremos con una persona sobre seis temas, escucharemos seis canciones y al final, el invitado, nos dar\u00e1 una lista de seis persoas que conoce y que recomendar\u00eda venir al programa. \u00bfHasta que grado llegaremos? \u00bfQu\u00e9 personas conoceremos?<\/p>\n<p style=\"text-align: justify;\"><strong>Equipo:<\/strong> Isaac Gonz\u00e1lez<\/p>\n<p style=\"text-align: justify;\"><strong>Lengua de emisi\u00f3n:<\/strong> gallego<\/p>\n<p><iframe loading=\"lazy\" style=\"border: 1px solid #D7D7D7;\" src=\"https:\/\/www.ivoox.com\/player_es_podcast_399203_1.html\" width=\"100%\" height=\"440\" frameborder=\"0\" scrolling=\"no\" allowfullscreen=\"allowfullscreen\"><\/iframe><\/p>\n","protected":false},"excerpt":{"rendered":"<p>La teor\u00eda de los seis grados de separaci\u00f3n dice que dos personas cualquiera del mundo&#8230;<\/p>\n","protected":false},"author":1,"featured_media":1988,"parent":0,"menu_order":0,"comment_status":"closed","ping_status":"closed","template":"","meta":{"footnotes":""},"class_list":["post-1984","page","type-page","status-publish","has-post-thumbnail","hentry"],"translation":{"provider":"WPGlobus","version":"3.0.2","language":"es","enabled_languages":["gl","es"],"languages":{"gl":{"title":true,"content":true,"excerpt":false},"es":{"title":true,"content":true,"excerpt":false}}},"_links":{"self":[{"href":"https:\/\/www.radiocampusculturae.org\/es\/wp-json\/wp\/v2\/pages\/1984","targetHints":{"allow":["GET"]}}],"collection":[{"href":"https:\/\/www.radiocampusculturae.org\/es\/wp-json\/wp\/v2\/pages"}],"about":[{"href":"https:\/\/www.radiocampusculturae.org\/es\/wp-json\/wp\/v2\/types\/page"}],"author":[{"embeddable":true,"href":"https:\/\/www.radiocampusculturae.org\/es\/wp-json\/wp\/v2\/users\/1"}],"replies":[{"embeddable":true,"href":"https:\/\/www.radiocampusculturae.org\/es\/wp-json\/wp\/v2\/comments?post=1984"}],"version-history":[{"count":4,"href":"https:\/\/www.radiocampusculturae.org\/es\/wp-json\/wp\/v2\/pages\/1984\/revisions"}],"predecessor-version":[{"id":4426,"href":"https:\/\/www.radiocampusculturae.org\/es\/wp-json\/wp\/v2\/pages\/1984\/revisions\/4426"}],"wp:featuredmedia":[{"embeddable":true,"href":"https:\/\/www.radiocampusculturae.org\/es\/wp-json\/wp\/v2\/media\/1988"}],"wp:attachment":[{"href":"https:\/\/www.radiocampusculturae.org\/es\/wp-json\/wp\/v2\/media?parent=1984"}],"curies":[{"name":"wp","href":"https:\/\/api.w.org\/{rel}","templated":true}]}}