{"id":306,"date":"2013-03-19T12:47:45","date_gmt":"2013-03-19T11:47:45","guid":{"rendered":"http:\/\/www.radiocampusculturae.wesped.es\/?page_id=306"},"modified":"2017-01-12T16:49:06","modified_gmt":"2017-01-12T15:49:06","slug":"94-voces","status":"publish","type":"page","link":"https:\/\/www.radiocampusculturae.org\/es\/94-voces\/","title":{"rendered":"94 Voces"},"content":{"rendered":"<p><a href=\"http:\/\/www.radiocampusculturae.wesped.es\/wp-content\/uploads\/2016\/01\/94_voces.jpg\"><img loading=\"lazy\" decoding=\"async\" class=\"alignleft wp-image-307\" src=\"http:\/\/www.radiocampusculturae.wesped.es\/wp-content\/uploads\/2016\/01\/94_voces.jpg\" alt=\"Logo 94 Voces\" width=\"200\" height=\"200\" srcset=\"https:\/\/www.radiocampusculturae.org\/wp-content\/uploads\/2016\/01\/94_voces.jpg 300w, https:\/\/www.radiocampusculturae.org\/wp-content\/uploads\/2016\/01\/94_voces-150x150.jpg 150w\" sizes=\"auto, (max-width: 200px) 100vw, 200px\" \/><\/a><a href=\"https:\/\/www.facebook.com\/94voces.\" target=\"_blank\">94 Voces Facebook<\/a><\/p>\n<div class=\"views-field views-field-description-field\">\n<div class=\"field-content\">\n<p><strong>Equipo:<\/strong> Mart\u00edn Vaz,Lidia Fern\u00e1ndez,Paula Quint\u00e1s,Javi Hace y Toni Mosquera<br \/>\n<strong>Sinopsis:<\/strong> Programa sobre cultura y tendencias<br \/>\n<strong>Lengua de emisi\u00f3n:<\/strong> Gallego y Castellano<\/p>\n<\/div>\n<p><iframe loading=\"lazy\" style=\"border: 1px solid #D7D7D7;\" src=\"http:\/\/www.ivoox.com\/player_es_podcast_255595_1.html\" width=\"100%\" height=\"440\" frameborder=\"0\" scrolling=\"no\" allowfullscreen=\"allowfullscreen\"><\/iframe><\/p>\n<\/div>\n","protected":false},"excerpt":{"rendered":"<p>94 Voces Facebook Equipo: Mart\u00edn Vaz,Lidia Fern\u00e1ndez,Paula Quint\u00e1s,Javi Hace y Toni Mosquera Sinopsis: Programa sobre&#8230;<\/p>\n","protected":false},"author":1,"featured_media":0,"parent":0,"menu_order":0,"comment_status":"closed","ping_status":"closed","template":"","meta":{"footnotes":""},"class_list":["post-306","page","type-page","status-publish","hentry"],"translation":{"provider":"WPGlobus","version":"3.0.2","language":"es","enabled_languages":["gl","es"],"languages":{"gl":{"title":true,"content":true,"excerpt":false},"es":{"title":true,"content":true,"excerpt":false}}},"_links":{"self":[{"href":"https:\/\/www.radiocampusculturae.org\/es\/wp-json\/wp\/v2\/pages\/306","targetHints":{"allow":["GET"]}}],"collection":[{"href":"https:\/\/www.radiocampusculturae.org\/es\/wp-json\/wp\/v2\/pages"}],"about":[{"href":"https:\/\/www.radiocampusculturae.org\/es\/wp-json\/wp\/v2\/types\/page"}],"author":[{"embeddable":true,"href":"https:\/\/www.radiocampusculturae.org\/es\/wp-json\/wp\/v2\/users\/1"}],"replies":[{"embeddable":true,"href":"https:\/\/www.radiocampusculturae.org\/es\/wp-json\/wp\/v2\/comments?post=306"}],"version-history":[{"count":4,"href":"https:\/\/www.radiocampusculturae.org\/es\/wp-json\/wp\/v2\/pages\/306\/revisions"}],"predecessor-version":[{"id":628,"href":"https:\/\/www.radiocampusculturae.org\/es\/wp-json\/wp\/v2\/pages\/306\/revisions\/628"}],"wp:attachment":[{"href":"https:\/\/www.radiocampusculturae.org\/es\/wp-json\/wp\/v2\/media?parent=306"}],"curies":[{"name":"wp","href":"https:\/\/api.w.org\/{rel}","templated":true}]}}