{"id":87,"date":"2015-11-11T10:55:40","date_gmt":"2015-11-11T09:55:40","guid":{"rendered":"http:\/\/www.radiocampusculturae.wesped.es\/?page_id=87"},"modified":"2018-05-21T12:16:55","modified_gmt":"2018-05-21T10:16:55","slug":"proxecto-campusculturae","status":"publish","type":"page","link":"https:\/\/www.radiocampusculturae.org\/es\/proxecto-campusculturae\/","title":{"rendered":"Proyecto campUSCulturae"},"content":{"rendered":"<p style=\"text-align: justify;\"><a href=\"http:\/\/www.usc.es\/es\/proxectos\/campusculturae\/index_old.html\" target=\"_blank\" rel=\"noopener noreferrer\"><strong>campUSCulturae<\/strong><\/a> es un proyecto de la <a href=\"http:\/\/www.usc.es\" target=\"_blank\" rel=\"noopener noreferrer\">Universidad de Santiago de Compostela<\/a>, dirigido por el profesor <a href=\"https:\/\/es.wikipedia.org\/wiki\/Xos%C3%A9_Antonio_Neira_Cruz\" target=\"_blank\" rel=\"noopener noreferrer\">Xos\u00e9 Antonio Neira Cruz<\/a>, en pro de las culturas del mundo, del entendimiento multicultural y del fomento de la diversidad y el pluralismo. Considerar la importancia de las culturas (especialmente las minoritarias, m\u00e1s acosadas por peligros que afectan a su continuidad y pervivencia) nos parece una oportunidad para mantener la biodiversidad cultural del planeta, ofreciendo a nuestra lengua y cultura la posibilidad de establecer procesos de retroalimentaci\u00f3n con otros c\u00f3digos ling\u00fc\u00edsticos y culturales.<\/p>\n<p style=\"text-align: justify;\"><a href=\"http:\/\/www.usc.es\/es\/proxectos\/campusculturae\/index_old.html\" target=\"_blank\" rel=\"noopener noreferrer\"><strong>campUSCulturae<\/strong><\/a> propone una visi\u00f3n renovada sobre cuestiones fundamentales para una universidad del siglo XXI, a saber:<\/p>\n<ol style=\"text-align: justify;\">\n<li>Promover el di\u00e1logo intercultural<\/li>\n<li>Dar lugar a la creaci\u00f3n de plataformas de mutuo conocimiento y entendimiento entre pueblos e individuos procedentes de distintas culturas del mundo<\/li>\n<li>Apoyar proyectos de fomento de las culturas o grupos sociales menos protegidos o en peligro de desaparici\u00f3n<\/li>\n<li>Fomentar la proyecci\u00f3n y difusi\u00f3n de las lenguas minoritarias del mundo<\/li>\n<li>Abordar las diferencias y la diversidad cultural desde par\u00e1metros no paternalistas, no colonialistas, igualitarios y de cooperaci\u00f3n<\/li>\n<li>Visibilizar formas de vida, experiencias de personas o de grupos, rompiendo con los tab\u00faes preconcebidos o con los t\u00f3picos universalistas que deval\u00faen el hecho diferencial.<\/li>\n<li>Acabar con prejuicios que obran en contra de la diversidad social y cultural.<\/li>\n<li>Dar voz y presencia a los m\u00e1s j\u00f3venes y a las obras literarias y art\u00edsticas concebidas para ellos y ellas desde la diversidad de lenguas, estilos, g\u00e9neros y sensibilidades.<\/li>\n<\/ol>\n<p style=\"text-align: justify;\"><a href=\"http:\/\/www.usc.es\/es\/proxectos\/campusculturae\/index_old.html\" target=\"_blank\" rel=\"noopener noreferrer\"><strong>campUSCulturae<\/strong><\/a> se estructura a trav\u00e9s de los siguientes contenedores generales:<\/p>\n<ul>\n<li style=\"text-align: justify;\">Biblioteca campUSCulturae de las literaturas infantiles y juveniles del mundo<\/li>\n<li style=\"text-align: justify;\">Centro del Di\u00e1logo Intercultural<\/li>\n<li style=\"text-align: justify;\">Museo Internacional de la Ilustraci\u00f3n<\/li>\n<li style=\"text-align: justify;\">Centro Internacional de la Creatividad<\/li>\n<li style=\"text-align: justify;\">campUSCulturae RTV (alrededor del cual se cre\u00f3 Radio campUSCulturae)<\/li>\n<\/ul>\n","protected":false},"excerpt":{"rendered":"<p>campUSCulturae es un proyecto de la Universidad de Santiago de Compostela, dirigido por el profesor&#8230;<\/p>\n","protected":false},"author":1,"featured_media":0,"parent":0,"menu_order":0,"comment_status":"closed","ping_status":"closed","template":"","meta":{"footnotes":""},"class_list":["post-87","page","type-page","status-publish","hentry"],"translation":{"provider":"WPGlobus","version":"3.0.2","language":"es","enabled_languages":["gl","es"],"languages":{"gl":{"title":true,"content":true,"excerpt":false},"es":{"title":true,"content":true,"excerpt":false}}},"_links":{"self":[{"href":"https:\/\/www.radiocampusculturae.org\/es\/wp-json\/wp\/v2\/pages\/87","targetHints":{"allow":["GET"]}}],"collection":[{"href":"https:\/\/www.radiocampusculturae.org\/es\/wp-json\/wp\/v2\/pages"}],"about":[{"href":"https:\/\/www.radiocampusculturae.org\/es\/wp-json\/wp\/v2\/types\/page"}],"author":[{"embeddable":true,"href":"https:\/\/www.radiocampusculturae.org\/es\/wp-json\/wp\/v2\/users\/1"}],"replies":[{"embeddable":true,"href":"https:\/\/www.radiocampusculturae.org\/es\/wp-json\/wp\/v2\/comments?post=87"}],"version-history":[{"count":5,"href":"https:\/\/www.radiocampusculturae.org\/es\/wp-json\/wp\/v2\/pages\/87\/revisions"}],"predecessor-version":[{"id":686,"href":"https:\/\/www.radiocampusculturae.org\/es\/wp-json\/wp\/v2\/pages\/87\/revisions\/686"}],"wp:attachment":[{"href":"https:\/\/www.radiocampusculturae.org\/es\/wp-json\/wp\/v2\/media?parent=87"}],"curies":[{"name":"wp","href":"https:\/\/api.w.org\/{rel}","templated":true}]}}